{"id":279,"date":"2021-08-17T23:44:26","date_gmt":"2021-08-17T21:44:26","guid":{"rendered":"https:\/\/www.nathalie-yoga.com\/?page_id=279"},"modified":"2023-08-11T19:32:37","modified_gmt":"2023-08-11T17:32:37","slug":"protection-des-donnees","status":"publish","type":"page","link":"https:\/\/www.nathalie-yoga.com\/index.php\/protection-des-donnees\/","title":{"rendered":"Protection des donn\u00e9es"},"content":{"rendered":"\n<h3 class=\"has-sitetext-color has-text-color has-large-font-size wp-block-heading\">Charte de protection des donn\u00e9es \u00e0 caract\u00e8re personnel<\/h3>\n\n\n\n<p class=\"has-text-align-justify has-sitetext-color has-text-color has-large-font-size\">&nbsp;<br>Nathalie Sineux attache une grande importance \u00e0 la protection et au respect de la vie priv\u00e9e et des donn\u00e9es personnelles (\u00ab&nbsp;Donn\u00e9es Personnelles&nbsp;\u00bb) des utilisateurs de son site internet (ci-apr\u00e8s le \u00ab&nbsp;Site&nbsp;\u00bb).<br>Nathalie Sineux s\u2019engage \u00e0 mettre en \u0153uvre les mesures ad\u00e9quates \u00e0 la protection, la confidentialit\u00e9 et la s\u00e9curit\u00e9 des Donn\u00e9es Personnelles conform\u00e9ment \u00e0 la r\u00e9glementation en vigueur en France et dans l\u2019Union Europ\u00e9enne, en particulier au R\u00e8glement G\u00e9n\u00e9ral sur la Protection des Donn\u00e9es Personnelles UE 2016\/679 du 27 avril 2016 et aux r\u00e8gles de droit national prises pour son application.<br>Les utilisateurs sont inform\u00e9s par la pr\u00e9sente charte (la \u00ab&nbsp;Charte&nbsp;\u00bb) des pratiques et des traitements inh\u00e9rents \u00e0 la collecte et \u00e0 l\u2019utilisation des Donn\u00e9es Personnelles par Nathalie Sineux en tant que responsable de traitement.<br>En cons\u00e9quence, Nathalie Sineux  invite les utilisateurs \u00e0 lire attentivement le pr\u00e9sent document pour conna\u00eetre et comprendre les traitements relatifs aux Donn\u00e9es Personnelles.<br>Il est pr\u00e9cis\u00e9 qu\u2019en naviguant sur le Site, les utilisateurs acceptent la pr\u00e9sente Charte ainsi que les conditions g\u00e9n\u00e9rales d\u2019utilisation.<br><\/p>\n\n\n\n<h5 class=\"has-sitetext-color has-text-color has-large-font-size wp-block-heading\">ARTICLE 1.&nbsp;&nbsp;DONN\u00c9ES PERSONNELLES COLLECT\u00c9ES<\/h5>\n\n\n\n<p class=\"has-sitetext-color has-text-color has-large-font-size\">Les utilisateurs sont amen\u00e9s \u00e0 fournir leurs Donn\u00e9es Personnelles sous format num\u00e9rique lors de l\u2019utilisation du Site.<br><strong>1.1\u00a0Principes applicables \u00e0 la collecte des Donn\u00e9es Personnelles<\/strong><br>De mani\u00e8re g\u00e9n\u00e9rale, les utilisateurs peuvent naviguer sur le Site sans qu\u2019il soit forc\u00e9ment n\u00e9cessaire de communiquer \u00e0 Nathalie Sineux.<br>Nathalie Sineux collecte uniquement les Donn\u00e9es Personnelles n\u00e9cessaires \u00e0 la r\u00e9alisation des traitements qu\u2019elle met en place et leur assure un haut niveau de protection. A ce titre, les traitements n\u00e9cessitant la collecte de donn\u00e9es sont les suivants :<br>R\u00e9pondre aux demandes de renseignements (formulaires de contact)\u00a0;<br>Participer \u00e0 des enqu\u00eates permettant d\u2019am\u00e9liorer les offres de service de Nathalie Sineux;<br>Envoyer des lettres d\u2019information (\u00ab\u00a0newsletters\u00a0\u00bb), des emails d\u2019alerte informatifs ou commerciaux.<br>En ce cas, les informations personnelles collect\u00e9es aupr\u00e8s des utilisateurs sont\u00a0:<br>Nom(s),<br>Pr\u00e9nom(s),<br>Adresse e-mail,<br>Num\u00e9ros de t\u00e9l\u00e9phone.<br>Ces Donn\u00e9es Personnelles sont ensuite conserv\u00e9es le temps n\u00e9cessaire \u00e0 l\u2019accomplissement de la requ\u00eate des utilisateurs. A d\u00e9faut de r\u00e9alisation concr\u00e8te, elles sont supprim\u00e9es dans les d\u00e9lais recommand\u00e9s par la CNIL, soit au bout de trois ans \u00e0 compter de leur collecte par le Site sous r\u00e9serve des possibilit\u00e9s et obligations l\u00e9gales en mati\u00e8re d\u2019archivage, d\u2019obligations de conservation de certaines donn\u00e9es et\/ou d\u2019anonymisation.<br><strong>1.2\u00a0Informations de navigation des utilisateurs du Site<\/strong><br>Lors de l\u2019utilisation du Site ou de certains services li\u00e9s au Site, certaines donn\u00e9es sont recueillies de mani\u00e8re automatique\u00a0telles que :<br>adresse IP,<br>r\u00e9f\u00e9rence du logiciel de navigation utilis\u00e9,<br>donn\u00e9es de navigation (date, heure, contenu consult\u00e9, termes de recherche utilis\u00e9s, etc.),<br>r\u00e9f\u00e9rences du syst\u00e8me d\u2019exploitation.<br>Parmi les technologies utilis\u00e9es pour recueillir ces informations, Nathalie Sineux peut avoir recours \u00e0 des sessions \u00ab\u00a0php\u00a0\u00bb qui stockent les donn\u00e9es de chaque utilisateur en utilisant un identifiant de session unique. Ces sessions php conservent les donn\u00e9es en m\u00e9moire uniquement le temps de navigation des utilisateurs. Les donn\u00e9es collect\u00e9es lors de la navigation sont ainsi supprim\u00e9es au moment o\u00f9 le navigateur de l\u2019utilisateur se ferme, ou, le cas \u00e9ch\u00e9ant, dans un d\u00e9lai de treize mois maximum \u00e0 compter de leur collecte.<br><\/p>\n\n\n\n<h5 class=\"has-sitetext-color has-text-color has-large-font-size wp-block-heading\">ARTICLE 2.&nbsp;&nbsp;BASE L\u00c9GALE DE LA COLLECTE ET DU TRAITEMENT DES DONN\u00c9ES PERSONNELLES<\/h5>\n\n\n\n<p class=\"has-text-align-justify has-sitetext-color has-text-color has-large-font-size\">Les Donn\u00e9es Personnelles sont trait\u00e9es par Nathalie Sineux dans les cas autoris\u00e9s par la r\u00e9glementation en vigueur et dans les conditions suivantes&nbsp;:<br>Obtention d\u2019un consentement libre, sp\u00e9cifique, \u00e9clair\u00e9 et univoque des utilisateurs au traitement de leurs Donn\u00e9es Personnelles (il est pr\u00e9cis\u00e9 que pour les mineurs de moins de 18 ans, le consentement doit \u00eatre donn\u00e9 par le repr\u00e9sentant l\u00e9gal)&nbsp;; Collecte de Donn\u00e9es Personnelles n\u00e9cessaires \u00e0 l\u2019ex\u00e9cution de la demande des utilisateurs&nbsp;; Respect des obligations l\u00e9gales et\/ou r\u00e9glementaires s\u2019imposant \u00e0 Nathalie Sineux (tel que la lutte contre la fraude et la corruption)&nbsp;; Protection des int\u00e9r\u00eats l\u00e9gitimes de Nathalie Sineux (tels que la protection de la s\u00e9curit\u00e9 de son r\u00e9seau informatique).&nbsp;<br><\/p>\n\n\n\n<h5 class=\"has-sitetext-color has-text-color has-large-font-size wp-block-heading\">ARTICLE 3.&nbsp;&nbsp;DESTINATAIRES DES DONN\u00c9ES PERSONNELLES COLLECT\u00c9ES<\/h5>\n\n\n\n<p class=\"has-text-align-justify has-sitetext-color has-text-color has-large-font-size\">Seule Nathalie Sineux a acc\u00e8s aux Donn\u00e9es Personnelles collect\u00e9es et est amen\u00e9e \u00e0 les traiter, sans pr\u00e9judice de leur \u00e9ventuelle transmission aux organes charg\u00e9s d\u2019une mission de contr\u00f4le ou d\u2019inspection conform\u00e9ment \u00e0 la l\u00e9gislation et\/ou \u00e0 la r\u00e9glementation en vigueur ou aux fins de r\u00e9pondre \u00e0 une d\u00e9cision judiciaire ou administrative. Nathalie Sineux est soumise \u00e0 une obligation de discr\u00e9tion. Nathalie Sineux s\u2019engage \u00e0 ne pas commercialiser aupr\u00e8s de tiers les Donn\u00e9es Personnelles collect\u00e9es.<br><\/p>\n\n\n\n<h5 class=\"has-sitetext-color has-text-color has-large-font-size wp-block-heading\">ARTICLE 4.&nbsp;&nbsp;TRANSFERT DE DONN\u00c9ES PERSONNELLES<\/h5>\n\n\n\n<p class=\"has-text-align-justify has-sitetext-color has-text-color has-large-font-size\">Les Donn\u00e9es Personnelles collect\u00e9es aupr\u00e8s des utilisateurs du Site sont exclusivement conserv\u00e9es en France et ne sont pas transf\u00e9r\u00e9es en dehors de l\u2019Union Europ\u00e9enne. En cas de recours \u00e0 des affili\u00e9s ou \u00e0 des prestataires situ\u00e9s en dehors de l\u2019Union europ\u00e9enne, Nathalie Sineux s\u2019engage \u00e0 v\u00e9rifier que des mesures appropri\u00e9es ont \u00e9t\u00e9 mises en place afin que les Donn\u00e9es Personnelles des utilisateurs b\u00e9n\u00e9ficient d\u2019un niveau de protection ad\u00e9quat.<br><\/p>\n\n\n\n<h5 class=\"has-sitetext-color has-text-color has-large-font-size wp-block-heading\">ARTICLE 5.&nbsp;&nbsp;S\u00c9CURIT\u00c9 DES DONN\u00c9ES<\/h5>\n\n\n\n<p class=\"has-text-align-justify has-sitetext-color has-text-color has-large-font-size\">Nathalie Sineux collecte et traite les Donn\u00e9es Personnelles des utilisateurs avec la plus grande confidentialit\u00e9 et dans le respect des lois applicables. Les utilisateurs sont prot\u00e9g\u00e9s contre les acc\u00e8s, modifications, divulgations ou destructions non autoris\u00e9s de leurs Donn\u00e9es Personnelles.<br>Lorsque la divulgation de Donn\u00e9es Personnelles \u00e0 des tiers est n\u00e9cessaire et autoris\u00e9e, Nathalie Sineux s\u2019assure que ces tiers garantissent aux Donn\u00e9es Personnelles concern\u00e9es le m\u00eame niveau de protection que celui leur \u00e9tant offert par Nathalie Sineux , et exige des garanties contractuelles afin que les Donn\u00e9es Personnelles soient exclusivement trait\u00e9es pour les finalit\u00e9s accept\u00e9es par les utilisateurs, avec la confidentialit\u00e9 et la s\u00e9curit\u00e9 requises (notamment gr\u00e2ce \u00e0 des clauses type de la Commission europ\u00e9enne, des R\u00e8gles internes d\u2019entreprise (\u00ab&nbsp;BCR&nbsp;\u00bb) ou le Bouclier de protection des donn\u00e9es mis en place entre l\u2019Union europ\u00e9enne et les \u00c9tats-Unis d\u2019Am\u00e9rique).<br>Nathalie Sineux met en place des mesures techniques et organisationnelles pour assurer que la conservation des Donn\u00e9es Personnelles est s\u00e9curis\u00e9e et ce, pendant la dur\u00e9e n\u00e9cessaire \u00e0 l\u2019exercice des finalit\u00e9s poursuivies.<br>L\u2019attention des utilisateurs est attir\u00e9e sur le fait qu\u2019aucune technologie de transmission ou de stockage n\u2019est totalement infaillible.<br>Aussi, en cas d\u2019atteinte av\u00e9r\u00e9e aux Donn\u00e9es Personnelles susceptible d\u2019engendrer un risque \u00e9lev\u00e9 pour les droits et libert\u00e9s des utilisateurs, Nathalie Sineux  informera l\u2019autorit\u00e9 de contr\u00f4le comp\u00e9tente de cette violation selon les modalit\u00e9s pr\u00e9vues par la r\u00e9glementation applicable.<br>Il appartient aux utilisateurs de faire preuve de prudence pour emp\u00eacher tout acc\u00e8s non autoris\u00e9 \u00e0 leurs Donn\u00e9es Personnelles et notamment \u00e0 leurs terminaux informatiques et num\u00e9riques (ordinateur, smartphone, tablette en particulier).<br><\/p>\n\n\n\n<h5 class=\"has-sitetext-color has-text-color has-large-font-size wp-block-heading\">ARTICLE 6.&nbsp;&nbsp;&nbsp;LIENS VERS D\u2019AUTRES SITES INTERNET<\/h5>\n\n\n\n<p class=\"has-text-align-justify has-sitetext-color has-text-color has-large-font-size\">Le Site peut occasionnellement contenir des liens vers des sites de partenaires ou de soci\u00e9t\u00e9s tierces qui ont leur propre charte de protection des donn\u00e9es. Nathalie Sineux n\u2019exerce aucun contr\u00f4le sur le contenu de ces sites et d\u00e9cline toute responsabilit\u00e9 quant \u00e0 l\u2019utilisation faite des informations collect\u00e9es lorsque les utilisateurs cliquent sur ces liens. Nathalie Sineux invite en cons\u00e9quence les utilisateurs \u00e0 prendre connaissance des politiques de protection des donn\u00e9es mises en \u0153uvre par les \u00e9diteurs de ces sites avant de leur transmettre de quelconques informations nominatives les concernant.<br><\/p>\n\n\n\n<h5 class=\"has-sitetext-color has-text-color has-large-font-size wp-block-heading\">ARTICLE 7.&nbsp;&nbsp;&nbsp;DROITS DES UTILISATEURS<\/h5>\n\n\n\n<p class=\"has-text-align-justify has-sitetext-color has-text-color has-large-font-size\">Il est rappel\u00e9 que les utilisateurs disposent des droits suivants, sous r\u00e9serve des limitations pr\u00e9vues par la l\u00e9gislation en vigueur\u00a0:<br><strong>7.1.\u00a0Droit d\u2019information sur le traitement des Donn\u00e9es Personnelles<\/strong><br>Nathalie Sineux s\u2019engage \u00e0 d\u00e9ployer ses meilleurs efforts pour d\u00e9livrer une information concise, transparente et accessible sur les conditions de traitement des Donn\u00e9es Personnelles des utilisateurs.<br><strong>7.2.\u00a0Droit d\u2019acc\u00e8s aux Donn\u00e9es Personnelles<\/strong><br>Chaque utilisateur peut acc\u00e9der aux Donn\u00e9es Personnelles faisant l\u2019objet d\u2019un traitement par Nathalie Sineux et dispose du droit d\u2019en recevoir une copie sous forme \u00e9lectronique (pour toute copie suppl\u00e9mentaire, Nathalie Sineux sera en droit d\u2019exiger le r\u00e8glement de frais bas\u00e9s sur les co\u00fbts administratifs occasionn\u00e9s).<br><strong>7.3.\u00a0Droit d\u2019effacement (\u00ab\u00a0droit \u00e0 l\u2019oubli\u00a0\u00bb) et de rectification des Donn\u00e9es Personnelles<\/strong><br>Chaque utilisateur dispose du droit de demander la suppression et\/ou la rectification des Donn\u00e9es Personnelles le concernant lorsque celles-ci sont erron\u00e9es ou obsol\u00e8tes.<br>Il est pr\u00e9cis\u00e9 que Nathalie Sineux pourra conserver certaines Donn\u00e9es Personnelles lorsque la loi le lui imposera ou en cas de motif l\u00e9gitime.<br><strong>7.4.\u00a0Droit d\u2019opposition<\/strong><br>Les utilisateurs peuvent s\u2019opposer \u00e0 tout moment pour des motifs l\u00e9gitimes\u00a0: \u00e0 l\u2019utilisation de leurs Donn\u00e9es Personnelles \u00e0 des fins de marketing direct ou \u00e0 la r\u00e9utilisation de leurs Donn\u00e9es Personnelles pour des traitements diff\u00e9rents que ceux consentis, sauf en cas d\u2019ex\u00e9cution par Nathalie Sineux de l\u2019une de ses obligations l\u00e9gales.<br><strong>7.5.\u00a0Droit \u00e0 la limitation des traitements des Donn\u00e9es Personnelles<\/strong><br>Les utilisateurs disposent du droit de demander que les traitements effectu\u00e9s sur leurs Donn\u00e9es Personnelles soient limit\u00e9s \u00e0 ce qui est n\u00e9cessaire. Ce droit est applicable seulement :<br>\u2013 si l\u2019utilisateur conteste l\u2019exactitude de ses Donn\u00e9es Personnelles ; si l\u2019utilisateur peut \u00e9tablir que le traitement de ses Donn\u00e9es Personnelles est illicite et demande une limitation de leur utilisation plut\u00f4t qu\u2019un effacement\u00a0;<br>\u2013 si Nathalie Sineux n\u2019a plus besoin des Donn\u00e9es Personnelles de l\u2019utilisateur mais que celles-ci sont encore n\u00e9cessaires \u00e0 l\u2019utilisateur pour la constatation, l\u2019exercice ou la d\u00e9fense de droits en justice\u00a0;<br>\u2013 si l\u2019utilisateur s\u2019oppose au traitement fond\u00e9 sur l\u2019int\u00e9r\u00eat l\u00e9gitime du responsable de traitement, pendant la v\u00e9rification portant sur le point de savoir si les motifs l\u00e9gitimes poursuivis par le responsable de traitement pr\u00e9valent sur ceux de l\u2019utilisateur.<br><strong>7.6.\u00a0Droit de r\u00e9clamation aupr\u00e8s d\u2019une autorit\u00e9 de contr\u00f4le<\/strong><br>Si les utilisateurs estiment que les efforts mis en \u0153uvre par Nathalie Sineux pour pr\u00e9server la confidentialit\u00e9 des Donn\u00e9es Personnelles ne garantissent pas le respect de leurs droits, ils ont la possibilit\u00e9 d\u2019introduire une r\u00e9clamation aupr\u00e8s de l\u2019autorit\u00e9 de contr\u00f4le comp\u00e9tente (CNIL ou toute autre autorit\u00e9 mentionn\u00e9e sur la liste disponible aupr\u00e8s de la Commission europ\u00e9enne).<br><strong>7.7.\u00a0Droit \u00e0 la portabilit\u00e9 des Donn\u00e9es Personnelles<\/strong><br>Les utilisateurs sont titulaires d\u2019un droit \u00e0 la portabilit\u00e9 de leurs donn\u00e9es, les autorisant \u00e0 obtenir de Nathalie Sineux leurs Donn\u00e9es Personnelles dans un format structur\u00e9, couramment utilis\u00e9 et lisible par la machine et \u00e0 demander que ces Donn\u00e9es Personnelles soient transmises \u00e0 un autre responsable du traitement.<br><strong>7.8.\u00a0Droit de d\u00e9cider du sort des Donn\u00e9es Personnelles apr\u00e8s la mort<\/strong><br>Les utilisateurs ont \u00e9galement le droit d\u2019organiser le sort de leurs Donn\u00e9es Personnelles apr\u00e8s leur mort par l\u2019adoption de directives g\u00e9n\u00e9rales ou particuli\u00e8res que Nathalie Sineux s\u2019engage \u00e0 respecter.<br>En l\u2019absence de telles directives, Nathalie Sineux reconna\u00eet aux h\u00e9ritiers la possibilit\u00e9 d\u2019exercer certains droits, en particulier le droit d\u2019acc\u00e8s s\u2019il est n\u00e9cessaire pour le r\u00e8glement de la succession du d\u00e9funt et le droit d\u2019opposition.<br><strong>7.9.\u00a0Conditions d\u2019exercice des droits<\/strong><br>Pour exercer leurs droits, les utilisateurs sont invit\u00e9s \u00e0 bien vouloir se rapprocher de Nathalie Sineux selon les modalit\u00e9s d\u00e9crites \u00e0 l\u2019article 10. Il est pr\u00e9cis\u00e9 que pour les aider dans l\u2019exercice de leurs droits, la CNIL met \u00e0 leur disposition sur son site internet des mod\u00e8les de courriers (www.cnil.fr). Avant de traiter la(es) demande(s) des utilisateurs, Nathalie Sineux pourra v\u00e9rifier leur identit\u00e9 en leur demandant un justificatif d\u2019identit\u00e9. Nathalie Sineux r\u00e9pondra \u00e0 leur(s) demande(s) dans les meilleurs d\u00e9lais et en tout \u00e9tat de cause un (1) mois \u00e0 compter de la justification d\u2019identit\u00e9. Au besoin, ce d\u00e9lai pourra \u00eatre prolong\u00e9 de deux (2) mois suppl\u00e9mentaires compte tenu de la complexit\u00e9 et du nombre de demandes, Nathalie Sineux s\u2019engageant alors \u00e0 informer les utilisateurs de la prolongation et des motifs du report.<br><\/p>\n\n\n\n<h5 class=\"has-sitetext-color has-text-color has-large-font-size wp-block-heading\">ARTICLE 8.&nbsp;&nbsp;MODIFICATION DE LA CHARTE DE PROTECTION DES DONN\u00c9ES PERSONNELLES<\/h5>\n\n\n\n<p class=\"has-text-align-justify has-sitetext-color has-text-color has-large-font-size\">Nathalie Sineux se r\u00e9serve le droit d\u2019apporter, \u00e0 tout moment, des modifications \u00e0 la pr\u00e9sente Charte de protection des Donn\u00e9es Personnelles afin de respecter les \u00e9volutions l\u00e9gislatives et r\u00e9glementaires et\/ou d\u2019am\u00e9liorer sa politique de traitement et de protection des Donn\u00e9es Personnelles. En cas de modification, une nouvelle version sera actualis\u00e9e et mise en ligne avec la date de \u00ab&nbsp;Derni\u00e8re mise \u00e0 jour&nbsp;\u00bb.&nbsp;<br><\/p>\n\n\n\n<h5 class=\"has-sitetext-color has-text-color has-large-font-size wp-block-heading\">ARTICLE 9. DROIT APPLICABLE ET TRIBUNAL COMP\u00c9TENT<\/h5>\n\n\n\n<p class=\"has-text-align-justify has-sitetext-color has-text-color has-large-font-size\">La pr\u00e9sente Charte est soumise au droit fran\u00e7ais, en ce compris les dispositions applicables aux r\u00e8gles de Droit international priv\u00e9.<br>\u00c0 D\u00c9FAUT D\u2019ACCORD AMIABLE, LA COMP\u00c9TENCE EST DONN\u00c9E AUX TRIBUNAUX DU RESSORT DE LA COUR D\u2019APPEL DE LIMOGES NONOBSTANT PLURALIT\u00c9 DE D\u00c9FENDEURS ET\/OU APPEL EN GARANTIE POUR CONNA\u00ceTRE DE TOUT LITIGE RELATIF \u00c0 L\u2019UTILISATION DU SITE ET\/OU \u00c0 LA VALIDIT\u00c9, L\u2019EX\u00c9CUTION ET L\u2019INTERPR\u00c9TATION DES PR\u00c9SENTES CGU.<br><\/p>\n\n\n\n<h5 class=\"has-sitetext-color has-text-color has-large-font-size wp-block-heading\">ARTICLE 10.&nbsp;&nbsp;CONTACT<\/h5>\n\n\n\n<p class=\"has-sitetext-color has-text-color has-large-font-size\">Pour toute question relative \u00e0 la pr\u00e9sente Charte aux fins de rectification, de compl\u00e9ment ou de mise \u00e0 jour, les utilisateurs sont invit\u00e9s \u00e0 contacter Nathalie Sineux en lui adressant un email \u00e0 l\u2019adresse&nbsp;:&nbsp;nathalie.sineux@gmail.com.<\/p>\n\n\n\n<p class=\"has-large-font-size\">Nathalie Sineux<\/p>\n<!--CusAds0-->\n<div style=\"font-size: 0px; height: 0px; line-height: 0px; margin: 0; padding: 0; clear: both;\"><\/div>","protected":false},"excerpt":{"rendered":"<p>Charte de protection des donn\u00e9es \u00e0 caract\u00e8re personnel &nbsp;Nathalie Sineux attache une grande importance \u00e0 la protection et au respect de la vie priv\u00e9e et &hellip;<\/p>\n","protected":false},"author":1,"featured_media":1045,"parent":0,"menu_order":0,"comment_status":"closed","ping_status":"closed","template":"","meta":{"footnotes":""},"class_list":["post-279","page","type-page","status-publish","has-post-thumbnail","hentry"],"yoast_head":"<!-- This site is optimized with the Yoast SEO plugin v23.7 - https:\/\/yoast.com\/wordpress\/plugins\/seo\/ -->\n<title>Protection des donn\u00e9es - NAThalie-YOGA<\/title>\n<meta name=\"description\" content=\"Suivre des cours de yoga hebdomadaires en Haute-Vienne ou en Charente et poursuivre avec des stages ayurv\u00e9diques le week-end, beau programme\" \/>\n<meta name=\"robots\" content=\"index, follow, max-snippet:-1, max-image-preview:large, max-video-preview:-1\" \/>\n<link rel=\"canonical\" href=\"https:\/\/www.nathalie-yoga.com\/index.php\/protection-des-donnees\/\" \/>\n<meta property=\"og:locale\" content=\"fr_FR\" \/>\n<meta property=\"og:type\" content=\"article\" \/>\n<meta property=\"og:title\" content=\"Protection des donn\u00e9es - NAThalie-YOGA\" \/>\n<meta property=\"og:description\" content=\"Suivre des cours de yoga hebdomadaires en Haute-Vienne ou en Charente et poursuivre avec des stages ayurv\u00e9diques le week-end, beau programme\" \/>\n<meta property=\"og:url\" content=\"https:\/\/www.nathalie-yoga.com\/index.php\/protection-des-donnees\/\" \/>\n<meta property=\"og:site_name\" content=\"NAThalie-YOGA\" \/>\n<meta property=\"article:publisher\" content=\"https:\/\/www.facebook.com\/Nathalieyoga-105104835221700\" \/>\n<meta property=\"article:modified_time\" content=\"2023-08-11T17:32:37+00:00\" \/>\n<meta property=\"og:image\" content=\"https:\/\/www.nathalie-yoga.com\/wp-content\/uploads\/2021\/11\/Cookies.jpg\" \/>\n\t<meta property=\"og:image:width\" content=\"1238\" \/>\n\t<meta property=\"og:image:height\" content=\"676\" \/>\n\t<meta property=\"og:image:type\" content=\"image\/jpeg\" \/>\n<meta name=\"twitter:card\" content=\"summary_large_image\" \/>\n<meta name=\"twitter:label1\" content=\"Dur\u00e9e de lecture estim\u00e9e\" \/>\n\t<meta name=\"twitter:data1\" content=\"11 minutes\" \/>\n<script type=\"application\/ld+json\" class=\"yoast-schema-graph\">{\"@context\":\"https:\/\/schema.org\",\"@graph\":[{\"@type\":\"WebPage\",\"@id\":\"https:\/\/www.nathalie-yoga.com\/index.php\/protection-des-donnees\/\",\"url\":\"https:\/\/www.nathalie-yoga.com\/index.php\/protection-des-donnees\/\",\"name\":\"Protection des donn\u00e9es - NAThalie-YOGA\",\"isPartOf\":{\"@id\":\"https:\/\/www.nathalie-yoga.com\/#website\"},\"primaryImageOfPage\":{\"@id\":\"https:\/\/www.nathalie-yoga.com\/index.php\/protection-des-donnees\/#primaryimage\"},\"image\":{\"@id\":\"https:\/\/www.nathalie-yoga.com\/index.php\/protection-des-donnees\/#primaryimage\"},\"thumbnailUrl\":\"https:\/\/www.nathalie-yoga.com\/wp-content\/uploads\/2021\/11\/Cookies.jpg\",\"datePublished\":\"2021-08-17T21:44:26+00:00\",\"dateModified\":\"2023-08-11T17:32:37+00:00\",\"description\":\"Suivre des cours de yoga hebdomadaires en Haute-Vienne ou en Charente et poursuivre avec des stages ayurv\u00e9diques le week-end, beau programme\",\"breadcrumb\":{\"@id\":\"https:\/\/www.nathalie-yoga.com\/index.php\/protection-des-donnees\/#breadcrumb\"},\"inLanguage\":\"fr-FR\",\"potentialAction\":[{\"@type\":\"ReadAction\",\"target\":[\"https:\/\/www.nathalie-yoga.com\/index.php\/protection-des-donnees\/\"]}]},{\"@type\":\"ImageObject\",\"inLanguage\":\"fr-FR\",\"@id\":\"https:\/\/www.nathalie-yoga.com\/index.php\/protection-des-donnees\/#primaryimage\",\"url\":\"https:\/\/www.nathalie-yoga.com\/wp-content\/uploads\/2021\/11\/Cookies.jpg\",\"contentUrl\":\"https:\/\/www.nathalie-yoga.com\/wp-content\/uploads\/2021\/11\/Cookies.jpg\",\"width\":1238,\"height\":676},{\"@type\":\"BreadcrumbList\",\"@id\":\"https:\/\/www.nathalie-yoga.com\/index.php\/protection-des-donnees\/#breadcrumb\",\"itemListElement\":[{\"@type\":\"ListItem\",\"position\":1,\"name\":\"Accueil\",\"item\":\"https:\/\/www.nathalie-yoga.com\/\"},{\"@type\":\"ListItem\",\"position\":2,\"name\":\"Protection des donn\u00e9es\"}]},{\"@type\":\"WebSite\",\"@id\":\"https:\/\/www.nathalie-yoga.com\/#website\",\"url\":\"https:\/\/www.nathalie-yoga.com\/\",\"name\":\"NAThalie-YOGA\",\"description\":\"Ayurveda &amp; Yoga\",\"publisher\":{\"@id\":\"https:\/\/www.nathalie-yoga.com\/#organization\"},\"potentialAction\":[{\"@type\":\"SearchAction\",\"target\":{\"@type\":\"EntryPoint\",\"urlTemplate\":\"https:\/\/www.nathalie-yoga.com\/?s={search_term_string}\"},\"query-input\":{\"@type\":\"PropertyValueSpecification\",\"valueRequired\":true,\"valueName\":\"search_term_string\"}}],\"inLanguage\":\"fr-FR\"},{\"@type\":\"Organization\",\"@id\":\"https:\/\/www.nathalie-yoga.com\/#organization\",\"name\":\"NAThalie-YOGA\",\"url\":\"https:\/\/www.nathalie-yoga.com\/\",\"logo\":{\"@type\":\"ImageObject\",\"inLanguage\":\"fr-FR\",\"@id\":\"https:\/\/www.nathalie-yoga.com\/#\/schema\/logo\/image\/\",\"url\":\"https:\/\/www.nathalie-yoga.com\/wp-content\/uploads\/2021\/11\/cropped-LogoSiteCercleCouleur.png\",\"contentUrl\":\"https:\/\/www.nathalie-yoga.com\/wp-content\/uploads\/2021\/11\/cropped-LogoSiteCercleCouleur.png\",\"width\":168,\"height\":204,\"caption\":\"NAThalie-YOGA\"},\"image\":{\"@id\":\"https:\/\/www.nathalie-yoga.com\/#\/schema\/logo\/image\/\"},\"sameAs\":[\"https:\/\/www.facebook.com\/Nathalieyoga-105104835221700\",\"https:\/\/studio.youtube.com\/channel\/UCIzlfL2iLtNhlW_xsvmi7-g\/videos\/upload?filter=[]&amp;sort={&quot;columnType&quot;:&quot;date&quot;,&quot;sortOrder&quot;DESCENDING&quot;}\"]}]}<\/script>\n<!-- \/ Yoast SEO plugin. -->","yoast_head_json":{"title":"Protection des donn\u00e9es - NAThalie-YOGA","description":"Suivre des cours de yoga hebdomadaires en Haute-Vienne ou en Charente et poursuivre avec des stages ayurv\u00e9diques le week-end, beau programme","robots":{"index":"index","follow":"follow","max-snippet":"max-snippet:-1","max-image-preview":"max-image-preview:large","max-video-preview":"max-video-preview:-1"},"canonical":"https:\/\/www.nathalie-yoga.com\/index.php\/protection-des-donnees\/","og_locale":"fr_FR","og_type":"article","og_title":"Protection des donn\u00e9es - NAThalie-YOGA","og_description":"Suivre des cours de yoga hebdomadaires en Haute-Vienne ou en Charente et poursuivre avec des stages ayurv\u00e9diques le week-end, beau programme","og_url":"https:\/\/www.nathalie-yoga.com\/index.php\/protection-des-donnees\/","og_site_name":"NAThalie-YOGA","article_publisher":"https:\/\/www.facebook.com\/Nathalieyoga-105104835221700","article_modified_time":"2023-08-11T17:32:37+00:00","og_image":[{"width":1238,"height":676,"url":"https:\/\/www.nathalie-yoga.com\/wp-content\/uploads\/2021\/11\/Cookies.jpg","type":"image\/jpeg"}],"twitter_card":"summary_large_image","twitter_misc":{"Dur\u00e9e de lecture estim\u00e9e":"11 minutes"},"schema":{"@context":"https:\/\/schema.org","@graph":[{"@type":"WebPage","@id":"https:\/\/www.nathalie-yoga.com\/index.php\/protection-des-donnees\/","url":"https:\/\/www.nathalie-yoga.com\/index.php\/protection-des-donnees\/","name":"Protection des donn\u00e9es - NAThalie-YOGA","isPartOf":{"@id":"https:\/\/www.nathalie-yoga.com\/#website"},"primaryImageOfPage":{"@id":"https:\/\/www.nathalie-yoga.com\/index.php\/protection-des-donnees\/#primaryimage"},"image":{"@id":"https:\/\/www.nathalie-yoga.com\/index.php\/protection-des-donnees\/#primaryimage"},"thumbnailUrl":"https:\/\/www.nathalie-yoga.com\/wp-content\/uploads\/2021\/11\/Cookies.jpg","datePublished":"2021-08-17T21:44:26+00:00","dateModified":"2023-08-11T17:32:37+00:00","description":"Suivre des cours de yoga hebdomadaires en Haute-Vienne ou en Charente et poursuivre avec des stages ayurv\u00e9diques le week-end, beau programme","breadcrumb":{"@id":"https:\/\/www.nathalie-yoga.com\/index.php\/protection-des-donnees\/#breadcrumb"},"inLanguage":"fr-FR","potentialAction":[{"@type":"ReadAction","target":["https:\/\/www.nathalie-yoga.com\/index.php\/protection-des-donnees\/"]}]},{"@type":"ImageObject","inLanguage":"fr-FR","@id":"https:\/\/www.nathalie-yoga.com\/index.php\/protection-des-donnees\/#primaryimage","url":"https:\/\/www.nathalie-yoga.com\/wp-content\/uploads\/2021\/11\/Cookies.jpg","contentUrl":"https:\/\/www.nathalie-yoga.com\/wp-content\/uploads\/2021\/11\/Cookies.jpg","width":1238,"height":676},{"@type":"BreadcrumbList","@id":"https:\/\/www.nathalie-yoga.com\/index.php\/protection-des-donnees\/#breadcrumb","itemListElement":[{"@type":"ListItem","position":1,"name":"Accueil","item":"https:\/\/www.nathalie-yoga.com\/"},{"@type":"ListItem","position":2,"name":"Protection des donn\u00e9es"}]},{"@type":"WebSite","@id":"https:\/\/www.nathalie-yoga.com\/#website","url":"https:\/\/www.nathalie-yoga.com\/","name":"NAThalie-YOGA","description":"Ayurveda &amp; Yoga","publisher":{"@id":"https:\/\/www.nathalie-yoga.com\/#organization"},"potentialAction":[{"@type":"SearchAction","target":{"@type":"EntryPoint","urlTemplate":"https:\/\/www.nathalie-yoga.com\/?s={search_term_string}"},"query-input":{"@type":"PropertyValueSpecification","valueRequired":true,"valueName":"search_term_string"}}],"inLanguage":"fr-FR"},{"@type":"Organization","@id":"https:\/\/www.nathalie-yoga.com\/#organization","name":"NAThalie-YOGA","url":"https:\/\/www.nathalie-yoga.com\/","logo":{"@type":"ImageObject","inLanguage":"fr-FR","@id":"https:\/\/www.nathalie-yoga.com\/#\/schema\/logo\/image\/","url":"https:\/\/www.nathalie-yoga.com\/wp-content\/uploads\/2021\/11\/cropped-LogoSiteCercleCouleur.png","contentUrl":"https:\/\/www.nathalie-yoga.com\/wp-content\/uploads\/2021\/11\/cropped-LogoSiteCercleCouleur.png","width":168,"height":204,"caption":"NAThalie-YOGA"},"image":{"@id":"https:\/\/www.nathalie-yoga.com\/#\/schema\/logo\/image\/"},"sameAs":["https:\/\/www.facebook.com\/Nathalieyoga-105104835221700","https:\/\/studio.youtube.com\/channel\/UCIzlfL2iLtNhlW_xsvmi7-g\/videos\/upload?filter=[]&amp;sort={&quot;columnType&quot;:&quot;date&quot;,&quot;sortOrder&quot;DESCENDING&quot;}"]}]}},"jetpack_sharing_enabled":false,"_links":{"self":[{"href":"https:\/\/www.nathalie-yoga.com\/index.php\/wp-json\/wp\/v2\/pages\/279","targetHints":{"allow":["GET"]}}],"collection":[{"href":"https:\/\/www.nathalie-yoga.com\/index.php\/wp-json\/wp\/v2\/pages"}],"about":[{"href":"https:\/\/www.nathalie-yoga.com\/index.php\/wp-json\/wp\/v2\/types\/page"}],"author":[{"embeddable":true,"href":"https:\/\/www.nathalie-yoga.com\/index.php\/wp-json\/wp\/v2\/users\/1"}],"replies":[{"embeddable":true,"href":"https:\/\/www.nathalie-yoga.com\/index.php\/wp-json\/wp\/v2\/comments?post=279"}],"version-history":[{"count":10,"href":"https:\/\/www.nathalie-yoga.com\/index.php\/wp-json\/wp\/v2\/pages\/279\/revisions"}],"predecessor-version":[{"id":1405,"href":"https:\/\/www.nathalie-yoga.com\/index.php\/wp-json\/wp\/v2\/pages\/279\/revisions\/1405"}],"wp:featuredmedia":[{"embeddable":true,"href":"https:\/\/www.nathalie-yoga.com\/index.php\/wp-json\/wp\/v2\/media\/1045"}],"wp:attachment":[{"href":"https:\/\/www.nathalie-yoga.com\/index.php\/wp-json\/wp\/v2\/media?parent=279"}],"curies":[{"name":"wp","href":"https:\/\/api.w.org\/{rel}","templated":true}]}}